{"id":6168,"date":"2022-03-28T17:48:44","date_gmt":"2022-03-28T15:48:44","guid":{"rendered":"https:\/\/openstages.net\/es\/creator\/los-suenos-de-fausto-s-l\/"},"modified":"2022-03-28T17:48:44","modified_gmt":"2022-03-28T15:48:44","slug":"los-suenos-de-fausto-s-l","status":"publish","type":"creator","link":"https:\/\/openstages.net\/it\/creator\/los-suenos-de-fausto-s-l\/","title":{"rendered":"Los sue\u00f1os de Fausto, SL"},"content":{"rendered":"<p>Los Sue\u00f1os de Fausto\u00a0es una compa\u00f1\u00eda de teatro espa\u00f1ola especializada en\u00a0obras contempor\u00e1neas de autores espa\u00f1oles, con un enfoque especial a la promoci\u00f3n nacional de nuestros montajes.<\/p>\n<p>Adem\u00e1s, a lo largo de nuestros doce a\u00f1os de historia\u00a0hemos contribuido a la escena de Madrid con diversos espect\u00e1culos para adultos e infantiles\u00a0con una gran respuesta por parte del p\u00fablico.<\/p>\n<p>En abril de 2013 estrenamos el primero de nuestros proyectos contempor\u00e1neos en la\u00a0Sala Bulul\u00fa, Cuerpo Dividido, una obra que lleva en la cartelera m\u00e1s de un a\u00f1o adem\u00e1s de estar en Valencia y Madrid.<\/p>\n<p>En julio estrenamos en el\u00a0Camden People\u2019s Theatre\u00a0de Londres nuestra versi\u00f3n en ingl\u00e9s del\u00a0cl\u00e1sico de S\u00f3focles, Ant\u00edgona, con una respuesta de p\u00fablico inmejorable.<\/p>\n<p>M\u00e1s tarde, en Abril del 2014 nos presentamos al festival de Croquis en la Sala\u00a0Kubik Fabrik\u00a0y en Mayo presentamos nuestra nueva obra \u201cCarrera de Ratas\u201d en la\u00a0Sala Tu\u00a0en el festival de la escena madrile\u00f1a\u00a0Surge Madrid<\/p>\n<p>En el a\u00f1o 2015 hemos estrenado nuestra humilde aportaci\u00f3n a la memoria hist\u00f3rica con Flores de Espa\u00f1a en\u00a0Teatro del Barrio.<\/p>\n<p>Nos hemos diversificado y apoyamos a compa\u00f1\u00edas emergentes, participando en coproducciones con\u00a0Factor\u00eda Urogallo,\u00a0\u00a0No time teatro\u00a0y\u00a0El Krisol, d\u00e1ndoles cobertura empresarial. Tambi\u00e9n participamos en Ferias tan importantes como Mercartes y MADFeria .<\/p>\n<p>El a\u00f1o 2017 tambi\u00e9n nos depar\u00f3 algunos premios como el \u201cCertamen Nacional de Talavera\u201d a la mejor direcci\u00f3n y las cuatro categor\u00edas (Obra, direcci\u00f3n, actor y actriz) en los premios de la \u201cFundaci\u00f3n Progreso y Cultura\u201d<\/p>\n<p>Este a\u00f1o 2018 estrenamos un cl\u00e1sico \u201cUb\u00fa: Le Roi\u201d y una obra contempor\u00e1nea \u201cEl Sopar\u201d adem\u00e1s de tener en la rec\u00e1mara tres proyectos.<\/p>\n<p>En el Festival Villa Carrizo 2019 hemos ganado los premios a la mejor actriz y a la mejor puesta en escena. Adem\u00e1s hemos sido nominados a la mejor obra.<\/p>\n<p>Durante este 2019 hemos sido seleccionados en la Red de Teatros de Madrid, adem\u00e1s de llevar a cabo\u00a0R\u00e9quiem para Lorca.<\/p>\n<p>Durante el a\u00f1o 2020, y por la COVID seguimos trabajando pero para sostener la empresa.<\/p>\n<p>Sin embargo nuestra producci\u00f3n no par\u00f3. Y en el a\u00f1o 2021 produjimos Abalconados 2020 una obra de teatro relacionada de manera c\u00f3mica con la pandemia del covid.<\/p>\n<p>Tambi\u00e9n en el 2021 hemos producido Vertedero. Siguiendo nuestra l\u00ednea de trabajo con la denuncia social.<\/p>\n<p>En 2022 tendremos m\u00e1s noticias. Y ya ser\u00e1n 12 a\u00f1os.<\/p>","protected":false},"featured_media":6167,"template":"","creators_category":[33],"class_list":["post-6168","creator","type-creator","status-publish","has-post-thumbnail","hentry","creators_category-company","entry"],"acf":[],"_links":{"self":[{"href":"https:\/\/openstages.net\/it\/wp-json\/wp\/v2\/creator\/6168","targetHints":{"allow":["GET"]}}],"collection":[{"href":"https:\/\/openstages.net\/it\/wp-json\/wp\/v2\/creator"}],"about":[{"href":"https:\/\/openstages.net\/it\/wp-json\/wp\/v2\/types\/creator"}],"version-history":[{"count":0,"href":"https:\/\/openstages.net\/it\/wp-json\/wp\/v2\/creator\/6168\/revisions"}],"wp:featuredmedia":[{"embeddable":true,"href":"https:\/\/openstages.net\/it\/wp-json\/wp\/v2\/media\/6167"}],"wp:attachment":[{"href":"https:\/\/openstages.net\/it\/wp-json\/wp\/v2\/media?parent=6168"}],"wp:term":[{"taxonomy":"creators_category","embeddable":true,"href":"https:\/\/openstages.net\/it\/wp-json\/wp\/v2\/creators_category?post=6168"}],"curies":[{"name":"wp","href":"https:\/\/api.w.org\/{rel}","templated":true}]}}